{"id":449,"date":"2015-03-07T07:11:22","date_gmt":"2015-03-07T06:11:22","guid":{"rendered":"http:\/\/zlp-krakow.org\/?page_id=449"},"modified":"2017-02-06T08:35:52","modified_gmt":"2017-02-06T07:35:52","slug":"naglicki-maciej","status":"publish","type":"page","link":"https:\/\/zlp-krakow.pl\/?page_id=449","title":{"rendered":"Maciej Naglicki"},"content":{"rendered":"<p><a href=\"https:\/\/zlp-krakow.pl\/wp-content\/uploads\/2015\/03\/naglicki-1.jpg\"><img loading=\"lazy\" decoding=\"async\" class=\"alignnone size-full wp-image-2891\" src=\"https:\/\/zlp-krakow.pl\/wp-content\/uploads\/2015\/03\/naglicki-1.jpg\" alt=\"naglicki\" width=\"150\" height=\"200\" \/><\/a><\/p>\n<p><span style=\"font-family: georgia,palatino,serif; font-size: 14pt;\">Maciej Naglicki <\/span><\/p>\n<p style=\"text-align: justify;\">Urodzony w 1952 r. w Krakowie na Zwierzy\u0144cu. Absolwent filologii polskiej oraz studi\u00f3w podyplomowych z zakresu wiedzy o \u017cyciu seksualnym cz\u0142owieka. Literat, krytyk, pedagog. Kierownik Klubu Kultury \u201eMydlniki\u201d, nauczyciel w Zespole Szk\u00f3\u0142 Og\u00f3lnokszta\u0142c\u0105cych Integracyjnych nr 3 im. prof. Juliana Aleksandrowicza w Krakowie. Gospodarz autorskiego cyklu wieczor\u00f3w artystycznych \u201eNagliska\u0142ki\u201d w Dworku Bia\u0142opr\u0105dnickim. Inicjator i pomys\u0142odawca wielu cyklicznych imprez oraz audycji z zakresu upowszechniania sztuki i literatury. Opiekun m\u0142odzie\u017cy literackiej. Wiceprezes Zarz\u0105du G\u0142\u00f3wnego Stowarzyszenia Artystyczno-Literackiego, cz\u0142onek Zwi\u0105zku Literat\u00f3w Polskich, cz\u0142onek Bronowickiego Stowarzyszenia Przyjaci\u00f3\u0142 Sztuk Wszelkich, cz\u0142onek honorowy Grupy Literackiej \u201eTilia\u201d. Jako dzia\u0142acz sportowy &#8211; cz\u0142onek honorowy oraz przewodnicz\u0105cy Komisji Rewizyjnej Uczniowskiego Klubu Sportowego \u201eWilga\u201d, sekretarz Ko\u0142a Tanecznego TKKF. Odznaczony m.in. Srebrnym Krzy\u017cem Zas\u0142ugi, medalem \u201eSic itur ad astra\u201d<\/p>\n<p>Autor ksi\u0105\u017cek indywidualnych:<\/p>\n<p>\u201eI Jeruzalem p\u0142acze\u201d,<br \/>\n\u201eMi\u0142o\u015b\u0107 jest nie do zniesienia\u201d,<br \/>\n\u201eZamieniam si\u0119 w Hond\u0119\u201d<\/p>\n<p>(w druku: \u201eZ Emaus\u201d, \u201eBronowickie wersety\u201d), dziesi\u0105tek publikacji zbiorowych, scenariuszy, audycji radiowych. Redaktor w Magazynie Kulturalnym \u201eDworzanin\u201d oraz \u201eForum My\u015bli Wolnej\u201d. T\u0142umaczony na j\u0119zyki: s\u0142owacki, rosyjski, niemiecki, angielski, ukrai\u0144ski, hiszpa\u0144ski..<\/p>\n<p><strong>\u201eNa \u015bmier\u0107 rolnika\u201d<\/strong><\/p>\n<p>Gdy siewca<br \/>\nodchodzi strudzony<br \/>\ni ciemno\u015b\u0107<br \/>\ni jasno\u015b\u0107<br \/>\nw plonie si\u0119<br \/>\nstaj\u0105<\/p>\n<p>r\u0119ka nie si\u0119ga<br \/>\nju\u017c po ziarno<br \/>\njeno b\u0142ogos\u0142awi<br \/>\nziemi<\/p>\n<p>p\u0142acz ziemio<br \/>\ni ziemio<br \/>\nprzebacz<br \/>\n\u017cem by\u0142<br \/>\ntak s\u0142aby<\/p>\n<p>plon wstaje<br \/>\nziemia rodzi<br \/>\ntak dzieje si\u0119<br \/>\nodwieczne zmartwychwstanie<\/p>\n<p>siewca w niemym<br \/>\nkonaniu<br \/>\ndost\u0105pi\u0142 m\u0119ki<br \/>\nu\u015bwi\u0119caj\u0105cej<\/p>\n<p>kwiecie\u0144 2005 r.<\/p>\n<p><strong> \u201eSmole\u0144ska Ikaria\u201d<\/strong><\/p>\n<p>Drzewa milcz\u0105ce smutkiem<br \/>\ni powietrzne przestwory<br \/>\ngranic nie znaj\u0105<br \/>\nich sensem<br \/>\ntrwanie<br \/>\nnie znaj\u0105 s\u0142owa<br \/>\nhistoria<br \/>\ni tylko byt ludzki<br \/>\nwpisuje si\u0119 w wieczno\u015b\u0107<br \/>\nszumi konarami i ptak\u00f3w<br \/>\nniedo\u015bcignieniem<br \/>\npewno\u015bci\u0105 nieodgadnionego<br \/>\nkiedy wpisuje si\u0119 \u015bmier\u0107<br \/>\nor\u0142a i smuk\u0142ego \u017curawia<br \/>\nm\u00f3wimy &#8211; zgas\u0142y\u2026<br \/>\ntylko odwieczne marzenie<br \/>\no locie k\u0142adzie si\u0119 cieniem<br \/>\ngdy spada Ikar &#8211;<br \/>\nIkar\u00f3w zast\u0119py za\u015b<br \/>\nodnajduj\u0105 mozolnie sens<br \/>\nmarzenia i pami\u0119ci<br \/>\na pami\u0119\u0107 sensem<br \/>\nnapowietrznych zniczy<br \/>\nkt\u00f3rych wiatr nie zgasi<br \/>\nlecz podtrzyma i uniesie<br \/>\njak uni\u00f3s\u0142<br \/>\nbole\u015bnie j\u0119cz\u0105c werblami<br \/>\ni minorow\u0105 fanfar\u0105<br \/>\nodmierzaj\u0105c\u0105 wymarsz<br \/>\nIkar\u00f3w<br \/>\ndziewi\u0119\u0107dziesi\u0119ciu sze\u015bciu<br \/>\npo kres i<br \/>\npomnik\u2026<br \/>\nczy tylko mit<br \/>\nby przetrwa\u0142<br \/>\ndoskona\u0142y?<\/p>\n<p><strong>\u201eW Mydlnikach lato\u201d<\/strong><\/p>\n<p>Ju\u017c nastrojone<br \/>\n\u015bwierszcze mydlnickie<br \/>\nby \u015bpiewa\u0107<br \/>\ndo wt\u00f3ru<br \/>\nwa\u017ckom znad<br \/>\nRudawy<br \/>\ni samolotom \u2013<br \/>\nbalickim trzmielom<br \/>\nkt\u00f3re w natur\u0119<br \/>\nwkrad\u0142y si\u0119 cich\u0105<br \/>\nupalno \u2013 sennie<br \/>\n\u015bpiewaj\u0105 drzewa<br \/>\nczeka\u0107 wypada<br \/>\nna deszcz<br \/>\ndziewczyny z Mydlnik<br \/>\nubrane\u2026?<br \/>\n\u017ce oczom wstyd<br \/>\nod podziwu<br \/>\nprzecie\u017c to barok<br \/>\nlata<br \/>\njask\u00f3\u0142ki ju\u017c<br \/>\nnauczy\u0142y swe dzieci<br \/>\nptasiego abecad\u0142a<br \/>\ni tylko odwieczny<br \/>\nniepok\u00f3j o \u017cniwo<br \/>\nczeka\u0107 wypada<br \/>\nna deszcz<br \/>\nMydlniki, 28 czerwca 2006 r.<\/p>\n<p><strong>\u201eMydlnickie trwanie\u201d<\/strong><\/p>\n<p>Ju\u017c nad Rudaw\u0105<br \/>\nbocian\u00f3w klucz<br \/>\nkolejn\u0105 wiosn\u0119 czyni<br \/>\nzapracowany<br \/>\nlud mydlnicki<br \/>\nz nadziej\u0105 w niebo patrzy<br \/>\nz wiosn\u0105 najlepiej<br \/>\nsi\u0119 marzy i milczy<br \/>\no tamtych sprawach<br \/>\nczy nie zabraknie<br \/>\nczy wystarczy<br \/>\ntej zgody<br \/>\nkt\u00f3ra by\u0142a<br \/>\ni czasem tylko<br \/>\nczo\u0142o si\u0119 pochmurzy<br \/>\ni \u0142za u\u017cy\u017ani ziemi\u0119<br \/>\ngdy na pleba\u0144skim murze<br \/>\nkolejny czarny tekst<br \/>\ntward\u0105 przypomni prawd\u0119<br \/>\na nam<br \/>\nna bronowick\u0105 nut\u0119<br \/>\nna dobry plon<br \/>\nFranciszek z grudek<br \/>\nziemi wr\u00f3\u017cy<br \/>\ni ju\u017c pogoda, my\u015bli proste<br \/>\ni tylko brama t\u0119czy<br \/>\npowietrzny okr\u0119t<br \/>\nzmierza wznio\u015ble&#8230;<\/p>\n<p><strong>\u201eMydlnicka jesie\u0144\u201d<\/strong><\/p>\n<p>W Mydlnikach<br \/>\njesie\u0144<br \/>\njest jakby inna<br \/>\nspadaj\u0105 li\u015bcie<br \/>\ni<br \/>\nsamoloty ze \u015bwiata do Balic<br \/>\nna polach<br \/>\nbrony i wrony<br \/>\nprzecie\u017c bronowickie<br \/>\nko\u015bcio\u0142a czarna<br \/>\nstrzecha<br \/>\nzamy\u015blona my\u015bli<br \/>\no pawiopi\u00f3rych<br \/>\ngrzeszkach<br \/>\ni grzechach<br \/>\njeno Zaklika z Mydlnik<br \/>\nwzi\u0105\u0142 laptop<br \/>\ni klika<br \/>\nwiersz o<br \/>\nrytmach kt\u00f3re<br \/>\npodaje Klima&#8230;<\/p>\n","protected":false},"excerpt":{"rendered":"<p>Maciej Naglicki Urodzony w 1952 r. w Krakowie na Zwierzy\u0144cu. Absolwent filologii polskiej oraz studi\u00f3w podyplomowych z zakresu wiedzy o \u017cyciu seksualnym cz\u0142owieka. Literat, krytyk, pedagog. Kierownik Klubu Kultury \u201eMydlniki\u201d, nauczyciel w Zespole Szk\u00f3\u0142 Og\u00f3lnokszta\u0142c\u0105cych Integracyjnych nr 3 im. prof. &#8230; <a class=\"more-link\" href=\"https:\/\/zlp-krakow.pl\/?page_id=449\">Read More &raquo;<\/a><\/p>\n","protected":false},"author":3,"featured_media":0,"parent":56,"menu_order":0,"comment_status":"closed","ping_status":"closed","template":"","meta":{"footnotes":""},"categories":[4],"tags":[],"class_list":["post-449","page","type-page","status-publish","hentry","category-byli-wsrod-nas"],"_links":{"self":[{"href":"https:\/\/zlp-krakow.pl\/index.php?rest_route=\/wp\/v2\/pages\/449","targetHints":{"allow":["GET"]}}],"collection":[{"href":"https:\/\/zlp-krakow.pl\/index.php?rest_route=\/wp\/v2\/pages"}],"about":[{"href":"https:\/\/zlp-krakow.pl\/index.php?rest_route=\/wp\/v2\/types\/page"}],"author":[{"embeddable":true,"href":"https:\/\/zlp-krakow.pl\/index.php?rest_route=\/wp\/v2\/users\/3"}],"replies":[{"embeddable":true,"href":"https:\/\/zlp-krakow.pl\/index.php?rest_route=%2Fwp%2Fv2%2Fcomments&post=449"}],"version-history":[{"count":4,"href":"https:\/\/zlp-krakow.pl\/index.php?rest_route=\/wp\/v2\/pages\/449\/revisions"}],"predecessor-version":[{"id":2892,"href":"https:\/\/zlp-krakow.pl\/index.php?rest_route=\/wp\/v2\/pages\/449\/revisions\/2892"}],"up":[{"embeddable":true,"href":"https:\/\/zlp-krakow.pl\/index.php?rest_route=\/wp\/v2\/pages\/56"}],"wp:attachment":[{"href":"https:\/\/zlp-krakow.pl\/index.php?rest_route=%2Fwp%2Fv2%2Fmedia&parent=449"}],"wp:term":[{"taxonomy":"category","embeddable":true,"href":"https:\/\/zlp-krakow.pl\/index.php?rest_route=%2Fwp%2Fv2%2Fcategories&post=449"},{"taxonomy":"post_tag","embeddable":true,"href":"https:\/\/zlp-krakow.pl\/index.php?rest_route=%2Fwp%2Fv2%2Ftags&post=449"}],"curies":[{"name":"wp","href":"https:\/\/api.w.org\/{rel}","templated":true}]}}