{"id":240,"date":"2015-03-06T01:31:19","date_gmt":"2015-03-06T00:31:19","guid":{"rendered":"http:\/\/zlp-krakow.org\/?page_id=240"},"modified":"2015-03-17T20:29:13","modified_gmt":"2015-03-17T19:29:13","slug":"kaczmarczyk-irena","status":"publish","type":"page","link":"https:\/\/zlp-krakow.pl\/?page_id=240","title":{"rendered":"Irena Kaczmarczyk"},"content":{"rendered":"<p><a href=\"https:\/\/zlp-krakow.pl\/wp-content\/uploads\/2015\/03\/ART5490.jpg\"><img loading=\"lazy\" decoding=\"async\" class=\"alignnone size-medium wp-image-1015\" src=\"https:\/\/zlp-krakow.pl\/wp-content\/uploads\/2015\/03\/ART5490-199x300.jpg\" alt=\"_ART5490\" width=\"199\" height=\"300\" srcset=\"https:\/\/zlp-krakow.pl\/wp-content\/uploads\/2015\/03\/ART5490-199x300.jpg 199w, https:\/\/zlp-krakow.pl\/wp-content\/uploads\/2015\/03\/ART5490-679x1024.jpg 679w, https:\/\/zlp-krakow.pl\/wp-content\/uploads\/2015\/03\/ART5490-600x905.jpg 600w, https:\/\/zlp-krakow.pl\/wp-content\/uploads\/2015\/03\/ART5490.jpg 1989w\" sizes=\"auto, (max-width: 199px) 100vw, 199px\" \/><\/a><\/p>\n<p>&nbsp;<\/p>\n<p><strong>IRENA\u00a0 KACZMARCZYK<\/strong><\/p>\n<p><strong>\u00a0\u2013<\/strong>Absolwentka Uniwersytetu Jagiello\u0144skiego. J\u0119zykoznawca, bibliotekoznawca, pedagog, animator kultury. Poetka. Publicystka. Nale\u017cy do Krakowskiego Oddzia\u0142u Zwi\u0105zku Literat\u00f3w Polskich Mieszka w Krakowie. Pracowa\u0142a w Bibliotece Jagiello\u0144skiej, Instytucie J\u0119zyka Polskiego (PAN) i w XXIX LO im. K. Kie\u015blowskiego w Krakowie.<\/p>\n<p>Autorka 7. tom\u00f3w wierszy: <strong><em>Srebrne niepokoje<\/em><\/strong>(2001), <strong><em>Malinowe przystanki<\/em><\/strong>\u201d (2004), <strong><em>W witra\u017cu paj\u0119czyny\u201d\u2019<\/em><\/strong>(2005), <strong><em>Lubi\u0119 z tob\u0105 zapala\u0107 latarnie<\/em><\/strong>(2006), <strong><em>Wzejd\u0105 wiosn\u0105<\/em><\/strong><em>&#8211;<\/em>wyb\u00f3r wierszy w serii Kroniki Poetyckie nr 4 (2008), <strong><em>\u015awiat\u0142o<\/em><\/strong>(2009), <strong><em>\u015bpiew ziemi<\/em><\/strong>(2013).<\/p>\n<p>Publikuje w almanachach i antologiach literackich: <strong><em>Krakowska Noc Poet\u00f3w<\/em>, <em>Literat Krakowski, Ka\u017cdy rodzi si\u0119 poet\u0105<\/em>, <em>Po\u017cegnanie Lata Pisarzy i Artyst\u00f3w<\/em>, <em>Bronowicki Karnawa\u0142 Literacki<\/em>, <em>Formacja Artystyczna\u201eSzesna\u015bcie<\/em>\u201d, <em>Podg\u00f3rskie klimaty<\/em>, <em>Ogrody Poetyckie<\/em><\/strong><em>,<\/em> jak r\u00f3wnie\u017c w almanachach: <strong><em>Warszawskiej Jesieni Poezji<\/em>, <em>Mi\u0119dzynarodowej Galicyjskiej Jesieni Literackiej<\/em> i <\/strong>czeskich<strong> <em>Dniach Poezji<\/em><\/strong><em>.<\/em><\/p>\n<p>Jej wiersze i artyku\u0142y ukaza\u0142y si\u0119 na \u0142amach czasopism krakowskich i og\u00f3lnopolskich, takich jak: <strong><em>Krak\u00f3w, Akant, Gazeta Kulturalna,\u00a0 Kozirynek, Topos, Dziennik Polski, Hejna\u0142 O\u015bwiatowy, Dworzanin Polski, Suplement, K\u0119czanin, Iskra, G\u0142os Piekoszowa, Wiadomo\u015bci dz. XI<\/em><\/strong> i in. Jej wiersze emitowano na antenie Radia Krak\u00f3w, internetowego radia Pryzmat i radia ALFA<\/p>\n<p>Jest \u00a0cz\u0142onkiem Komitetu Redakcyjnego strony Literaci.eu (ZLP-Warszawa), sta\u0142ym wsp\u00f3\u0142pracownikiem warszawskiego E-tygodnika litercko-artystycznego( portal Pisarze.pl). Publikuje r\u00f3wnie\u017c na krakowskiej stronie ZLP.<\/p>\n<p>Uczestniczka krajowych i zagranicznych Festiwali Poetyckich: <strong>Warszawska Jesie\u0144 Poezji,<\/strong> <strong>Mi\u0119dzynarodowa Galicyjska Jesie\u0144 Literacka, Dni Poezji w Broumovie (Czechy), 8.Jesie\u0144<\/strong> <strong>Polska w Wiedniu.<\/strong><\/p>\n<p>Laureatka wielu konkurs\u00f3w literackich. W 2007r.otrzyma\u0142a Nagrod\u0119 G\u0142\u00f3wn\u0105 \u201eZwierciad\u0142a\u201d w konkursie na najlepszy wsp\u00f3\u0142czesny erotyk. W 2008 r. Nagrod\u0119 G\u0142\u00f3wn\u0105 w XVI Konkursie Poezji Religijnej w Lud\u017amierzu oraz kilkakrotnie nagradzana w Og\u00f3lnopolskim Konkursie Poetyckim \u201eSzukam s\u0142owa\u201d. Jest cz\u0142onkiem jury w internetowym, og\u00f3lnopolskim konkursie poetyckim \u201eOgr\u00f3d ciszy\u201d.<\/p>\n<p>W roku 2008 otrzyma\u0142a Nagrod\u0119 w Dziedzinie Kultury w kategorii <strong>OSOBOWO\u015a\u0106 ROKU<\/strong> <strong>2007 <\/strong>\u2013.<\/p>\n<p><strong>TW\u00d3RCA.<\/strong><\/p>\n<p>Cz\u0142onkini Stowarzyszenia Tw\u00f3rczego Artystyczno-Literackiego STAL i Formacji Artystycznej \u201eSzesna\u015bcie\u201d. W latach 2000-2006 nale\u017ca\u0142a do Grupy poet\u00f3w \u201eZ\u0142oty klon\u201d i Grupy \u2018Ka\u017cdy\u201d.<\/p>\n<p>Do jej tekst\u00f3w zosta\u0142a napisana muzyka, m.in. przez Gra\u017cyn\u0119 \u0141apuszek, Agnieszk\u0119 Dulny, \u00a0\u00a0\u00a0Zbigniewa Ciurab\u0119 oraz \u00a0Roberta Marcinkowskiego. Pie\u015bni pozostaj\u0105 w repertuarze ch\u00f3ru m\u0119skiego Krakowskiego Towarzystwa \u015apiewackiego ECHO oraz innych solist\u00f3w.<\/p>\n<p>&nbsp;<\/p>\n<p><strong>Spowied\u017a u Franciszkan\u00f3w<\/strong><strong><br \/>\n<\/strong>tryptyk<\/p>\n<p>1<br \/>\nw powadze witra\u017cy<br \/>\nspowiadam si\u0119 tobie<br \/>\nciszo ko\u015bcielna<\/p>\n<p>grzechy lekkie<br \/>\njak smuga \u015bwiat\u0142a<br \/>\ndr\u017c\u0105 w konfesjonale<br \/>\nd\u0142oni<\/p>\n<p>niczym barwne motyle<br \/>\nfruwaj\u0105 w mroku<br \/>\nbratk\u00f3w mistrza<br \/>\nWyspia\u0144skiego<\/p>\n<p>moja wina<br \/>\nmoje motyle<br \/>\nTwoje \u015awiat\u0142o<\/p>\n<p>2<br \/>\ngotycki habit ciszy<br \/>\nwype\u0142nia ko\u015bci\u00f3\u0142<br \/>\nod posadzki po<br \/>\nzwie\u0144czenie \u201eSta\u0144 si\u0119!\u201d<\/p>\n<p>grube mury sukna<br \/>\nnie przepuszczaj\u0105<br \/>\n\u017cadnego pokuszenia<br \/>\n3<br \/>\nwychodz\u0119 z ciszy<br \/>\nw mrok witra\u017cy<\/p>\n<p>na r\u0119kach<br \/>\n\u015bwiat\u0142o bratk\u00f3w<br \/>\nnios\u0119<\/p>\n<p><strong>W siedemdziesi\u0105tym pi\u0105tym<\/strong><strong><br \/>\n<\/strong><br \/>\nLato z krakowskiego Rynku. Wie\u017ca Babel.<br \/>\nTwarz miasta gor\u0105ca.<\/p>\n<p>Kto\u015b w obiektywie zamyka czyj\u015b pobyt.<br \/>\nOgr\u00f3dki rozgadane do ostatniego good night.<\/p>\n<p>Na Linii A-B on i ona tak sobie wzajemni<br \/>\nJak ja i ty w siedemdziesi\u0105tym pi\u0105tym.<\/p>\n<p><strong>Kolory i p\u0142aszcz<\/strong><strong><br \/>\n<\/strong><br \/>\nMa\u0142y piesek w \u017c\u00f3\u0142tej<br \/>\nkamizelce. Dygocze w trawie.<\/p>\n<p>Jesie\u0144 w g\u0142\u0119bokich br\u0105zach.<br \/>\nBadylami zaczepia. Kaleczy.<\/p>\n<p>Jedyne co przyci\u0105ga to<br \/>\nw pochylonym s\u0142o\u0144cu<br \/>\nczerwona ki\u015b\u0107 jarz\u0119biny.<\/p>\n<p>Czyj\u015b zgarbiony p\u0142aszcz.<\/p>\n<p><strong>\u00a0<\/strong><\/p>\n<p><strong>Schowajmy si\u0119 w deszczu<\/strong><\/p>\n<p>tylko nie otwieraj parasola<\/p>\n<p>niech krople zmyj\u0105<\/p>\n<p>to czego nie by\u0142o<\/p>\n<p>ostudz\u0105 wyobra\u017ani\u0119<\/p>\n<p>kt\u00f3ra odrasta jak trawa<\/p>\n<p>schowajmy si\u0119 w deszczu<\/p>\n<p>tylko nie zas\u0142aniaj \u015bcie\u017cki<\/p>\n<p>na kt\u00f3rej rozbierali\u015bmy<\/p>\n<p>wiersze do egzaminu<\/p>\n<p>dojrza\u0142o\u015bci<\/p>\n<p>&nbsp;<\/p>\n<h5><strong>Lubi\u0119 Krak\u00f3w<\/strong><\/h5>\n<p>Lubi\u0119 z tob\u0105 zapala\u0107 latarnie<\/p>\n<p>Kiedy Krak\u00f3w go\u0142\u0119bie usypia<\/p>\n<p>Zmierzch ma zapach zielonej herbaty<\/p>\n<p>Gdy mnie szeptem jesiennym dotykasz<\/p>\n<p>&nbsp;<\/p>\n<p>Kanonicza pon\u0119tnie si\u0119 wije<\/p>\n<p>Wawel oczy z zachwytu przymru\u017ca<\/p>\n<p>Twoje rami\u0119 ca\u0142uje si\u0119 z moim<\/p>\n<p>Gdy jesiennie si\u0119 do mnie przytulasz<\/p>\n<p>&nbsp;<\/p>\n<p>Gwiazdy jad\u0105 doro\u017ck\u0105 do Rynku<\/p>\n<p>Skry si\u0119 sypi\u0105 spod kopyt nocy<\/p>\n<p>Przytuleni jak ksi\u0119\u017cyc do nieba<\/p>\n<p>Zagl\u0105damy latarniom w oczy<\/p>\n<p>&nbsp;<\/p>\n<p>Lubi\u0119 Krak\u00f3w ze skrzypcami na ramieniu<\/p>\n<p>Szalik Plant otula miasto<\/p>\n<p>Doro\u017ckarz w nutach hejna\u0142u<\/p>\n<p>Gubi stukot czasu<\/p>\n<p>&nbsp;<\/p>\n<p>Lubi\u0119 z tob\u0105 zapala\u0107 latarnie<\/p>\n<p>Kiedy Krak\u00f3w go\u0142\u0119bie usypia<\/p>\n<p>Zmierzch ma zapach zielonej herbaty<\/p>\n<p>Gdy mnie szeptem jesiennym dotykasz<\/p>\n<p><strong>\u00a0<\/strong>Wiersz do obrazu Krzysztofa Rapsy \u201eSkaleczone miasto\u201d<\/p>\n<p>&nbsp;<\/p>\n<p><strong>Smog<\/strong><\/p>\n<p>&nbsp;<\/p>\n<p>unosi si\u0119 nad podw\u00f3rkiem Ziemi<\/p>\n<p>wype\u0142nia ulice przystanki korytarze<\/p>\n<p>wdziera si\u0119 do mieszka\u0144<\/p>\n<p>jest w kuchniach salonach sypialniach<\/p>\n<p>nie widz\u0105 si\u0119 s\u0142owa nie s\u0142ysz\u0105 si\u0119 r\u0119ce<\/p>\n<p>(je\u015bli si\u0119 szukaj\u0105)<\/p>\n<p>&nbsp;<\/p>\n<p>sadz\u0119 w doniczce s\u0142o\u0144ce<\/p>\n<p>podlewam piel\u0119gnuj\u0119<\/p>\n<p>kto\u015b zauwa\u017cy<\/p>\n<p>przystanie<\/p>\n<p>&nbsp;<\/p>\n<p><em>Krak\u00f3w, lipiec 2014<\/em><\/p>\n<p>&nbsp;<\/p>\n<p>&nbsp;<\/p>\n<p>&nbsp;<\/p>\n","protected":false},"excerpt":{"rendered":"<p>&nbsp; IRENA\u00a0 KACZMARCZYK \u00a0\u2013Absolwentka Uniwersytetu Jagiello\u0144skiego. J\u0119zykoznawca, bibliotekoznawca, pedagog, animator kultury. Poetka. Publicystka. Nale\u017cy do Krakowskiego Oddzia\u0142u Zwi\u0105zku Literat\u00f3w Polskich Mieszka w Krakowie. Pracowa\u0142a w Bibliotece Jagiello\u0144skiej, Instytucie J\u0119zyka Polskiego (PAN) i w XXIX LO im. K. Kie\u015blowskiego w Krakowie. &#8230; <a class=\"more-link\" href=\"https:\/\/zlp-krakow.pl\/?page_id=240\">Read More &raquo;<\/a><\/p>\n","protected":false},"author":1,"featured_media":0,"parent":51,"menu_order":0,"comment_status":"closed","ping_status":"closed","template":"","meta":{"footnotes":""},"categories":[2],"tags":[],"class_list":["post-240","page","type-page","status-publish","hentry","category-czlonkowie"],"_links":{"self":[{"href":"https:\/\/zlp-krakow.pl\/index.php?rest_route=\/wp\/v2\/pages\/240","targetHints":{"allow":["GET"]}}],"collection":[{"href":"https:\/\/zlp-krakow.pl\/index.php?rest_route=\/wp\/v2\/pages"}],"about":[{"href":"https:\/\/zlp-krakow.pl\/index.php?rest_route=\/wp\/v2\/types\/page"}],"author":[{"embeddable":true,"href":"https:\/\/zlp-krakow.pl\/index.php?rest_route=\/wp\/v2\/users\/1"}],"replies":[{"embeddable":true,"href":"https:\/\/zlp-krakow.pl\/index.php?rest_route=%2Fwp%2Fv2%2Fcomments&post=240"}],"version-history":[{"count":6,"href":"https:\/\/zlp-krakow.pl\/index.php?rest_route=\/wp\/v2\/pages\/240\/revisions"}],"predecessor-version":[{"id":1016,"href":"https:\/\/zlp-krakow.pl\/index.php?rest_route=\/wp\/v2\/pages\/240\/revisions\/1016"}],"up":[{"embeddable":true,"href":"https:\/\/zlp-krakow.pl\/index.php?rest_route=\/wp\/v2\/pages\/51"}],"wp:attachment":[{"href":"https:\/\/zlp-krakow.pl\/index.php?rest_route=%2Fwp%2Fv2%2Fmedia&parent=240"}],"wp:term":[{"taxonomy":"category","embeddable":true,"href":"https:\/\/zlp-krakow.pl\/index.php?rest_route=%2Fwp%2Fv2%2Fcategories&post=240"},{"taxonomy":"post_tag","embeddable":true,"href":"https:\/\/zlp-krakow.pl\/index.php?rest_route=%2Fwp%2Fv2%2Ftags&post=240"}],"curies":[{"name":"wp","href":"https:\/\/api.w.org\/{rel}","templated":true}]}}