{"id":2122,"date":"2016-01-28T08:35:10","date_gmt":"2016-01-28T07:35:10","guid":{"rendered":"http:\/\/zlp-krakow.pl\/?page_id=2122"},"modified":"2016-01-28T10:51:11","modified_gmt":"2016-01-28T09:51:11","slug":"sebesta-antonina","status":"publish","type":"page","link":"https:\/\/zlp-krakow.pl\/?page_id=2122","title":{"rendered":"Antonina Sebesta"},"content":{"rendered":"<p><a href=\"https:\/\/zlp-krakow.pl\/wp-content\/uploads\/2016\/01\/Sebesta-fotografia.jpg\"><img loading=\"lazy\" decoding=\"async\" class=\"alignnone wp-image-2125 size-thumbnail\" src=\"https:\/\/zlp-krakow.pl\/wp-content\/uploads\/2016\/01\/Sebesta-fotografia-150x150.jpg\" alt=\"Sebesta fotografia\" width=\"150\" height=\"150\" \/><\/a><\/p>\n<p><strong>Antonina Sebesta<\/strong> z domu Ziarkiewicz dr nauk humanistycznych w zakresie filozofii UJ (1995), nauczyciel akademicki (UP) zajmuje si\u0119 etyk\u0105 stosowan\u0105, uprawia publicystyk\u0119 i poezj\u0119. Nale\u017ca\u0142a do Ko\u0142a M\u0142odych KKL przy ZLP w Krakowie. Arkusz \u201ePodpisa\u0107 si\u0119 na ka\u017cdej chmurze\u201d KDK \u201ePa\u0142ac pod Baranami\u201d (1988), tomiki \u201eWyk\u0142ad\u201d (2002) i \u201eSkasowany krajobraz\u201d (2012), \u201eWystarcz\u0105 wr\u00f3ble\u201d (2015). Autorka monografii \u201eEtyka i ethos ludzi g\u00f3r\u201d (2014), \u201eK\u0142opot z warto\u015bciami. Szkice z etyki \u017cycia spo\u0142ecznego\u201d (2015). Laureatka przesz\u0142o pi\u0119\u0107dziesi\u0119ciu nagr\u00f3d w konkursach literackich. Cz\u0142onek my\u015blenickiej grupy literackiej \u201eTilia\u201d. Publikowa\u0142a miedzy innymi w \u201e\u017byciu Literackim\u201d, \u201ePi\u015bmie Literacko-Artystycznym\u201d, \u201eKo\u0144cu Wieku\u201d, \u201eGazecie Wyborczej\u201d, \u201eAkancie\u201d, \u201eForum My\u015bli Wolnej\u201d, \u201eKonspekcie\u201d, \u201eMetaforze\u201d, Wsp\u00f3\u0142pracuje z rocznikiem \u201ePami\u0119tnik PTT\u201d, miesi\u0119cznikiem ekologicznym \u201eDzikie \u017bycie\u201d lokalnym pismem spo\u0142ecznym \u201eSedno\u201d. Wiersze zamieszcza\u0142a w blisko czterdziestu antologiach, przek\u0142ad na j\u0119zyk rumu\u0144ski.<\/p>\n<p><strong>Wystarcz\u0105 wr\u00f3ble &#8230;<\/strong><\/p>\n<p>A kto powiedzia\u0142, \u017ce mi\u0142o\u015b\u0107 musi by\u0107<br \/>\nod razu ca\u0142a w skowronkach<br \/>\nprzecie\u017c wystarcz\u0105 wr\u00f3ble<br \/>\nmi\u0142o tak zwyczajnie po\u0107wierka\u0107<br \/>\npodrepta\u0107, podfrun\u0105\u0107, pochyli\u0107 g\u0142\u00f3wk\u0119<br \/>\n\u017ce za ma\u0142o romantyzmu?<br \/>\nnie m\u00f3wi\u0105c o szale\u0144stwie<br \/>\nm\u00f3j Bo\u017ce!<br \/>\nciastka smakuj\u0105 na deser<br \/>\nale bez chleba cz\u0119sto czerstwego, spieczonego<br \/>\nkt\u00f3ry si\u0119 kruszy i bywa gliniasty<br \/>\ntrudno \u017cy\u0107<\/p>\n<p>dobrze jest zapomnie\u0107<br \/>\no znoszonych cia\u0142ach<br \/>\nkt\u00f3re ju\u017c dawno wysz\u0142y z mody<br \/>\nzostawi\u0107 choroby na wieszaku<br \/>\ni\u015b\u0107 sobie razem<br \/>\nz wiatrem na ustach<br \/>\nze s\u0142o\u0144cem w oczach<br \/>\nby\u0107 jak buk z jod\u0142\u0105<br \/>\n\u015bwierk z jarz\u0119bin\u0105<br \/>\ntak naturalnie, \u017ce ju\u017c bardziej nie mo\u017cna<\/p>\n<p><strong>O\u015bwiadczenie<\/strong><\/p>\n<p>z ojczyzny u\u015bmiechni\u0119tej<br \/>\njak wydziobany s\u0142onecznik<br \/>\nwyros\u0142am<br \/>\njak wyrasta si\u0119<br \/>\nz lod\u00f3w owocowych<br \/>\ngumy balonowej<br \/>\ni<br \/>\nfalbanek<br \/>\njej<br \/>\nskasowany krajobraz<br \/>\nwyrzuci\u0142am<br \/>\ndo kosza na lotnisku<\/p>\n<p>miewam jeszcze sny<br \/>\nkt\u00f3re kalecz\u0105 jak granit<br \/>\npe\u0142no w nich<br \/>\nkrwi mak\u00f3w<\/p>\n<p>moja matka<br \/>\nbez widoku na wnuki<br \/>\nna przystanku z tir\u00f3wk\u0105 czeka<\/p>\n<p>w ko\u0144cu Mro\u017cek<br \/>\nte\u017c odlecia\u0142 do Nicei<\/p>\n<p>nie wszystkich<br \/>\nmo\u017ce zadowoli\u0107<br \/>\ndramaturgia grilla<\/p>\n<p><strong>e-mail<\/strong><\/p>\n<p>Mamo,<br \/>\nodmawiaj sobie Tatry<br \/>\nszczyt po prze\u0142\u0119czy<br \/>\ntak jak wida\u0107 je z Babiej G\u00f3ry<\/p>\n<p>ciesz si\u0119 Gorcami<br \/>\nzastawionymi kieliszkami krokus\u00f3w<br \/>\ni w og\u00f3le wiosn\u0105<\/p>\n<p>polski krajobraz<br \/>\nwypad\u0142 mi z kieszeni<br \/>\nju\u017c na lotnisku<\/p>\n<p>i ucz si\u0119 angielskiego<br \/>\nbo musisz rozumie\u0107<br \/>\nco wnuk do ciebie m\u00f3wi<\/p>\n<p><strong>Malarstwo Cybis\u00f3w<\/strong><\/p>\n<p>zupe\u0142nie dobrze mo\u017cna \u017cy\u0107<br \/>\nw pa\u0144stwie krajobraz\u00f3w<br \/>\nkocha\u0107 ogrody wype\u0142nione farb\u0105<br \/>\nrodzi\u0107 martwe natury kwiat\u00f3w i talerzy<\/p>\n<p>b\u00f3l zmie\u015bci si\u0119 w rozerwanej pomara\u0144czy<br \/>\na m\u0105dro\u015b\u0107 w r\u00f3\u017cy<br \/>\nkt\u00f3ra nie ma si\u0142y podnie\u015b\u0107 g\u0142owy<\/p>\n<p><strong>Kwiat paproci<\/strong><\/p>\n<p>stoi<br \/>\njak kapliczka nieszcz\u0119\u015bcia<br \/>\nbez wnuk\u00f3w<\/p>\n<p>dzieci<br \/>\npogubi\u0142y si\u0119 w \u015bwiecie<br \/>\nbez wesela<br \/>\nbez \u015blubu<\/p>\n<p>t\u0142umaczy sobie<br \/>\n\u017ce znalaz\u0142y kwiat paproci<br \/>\ni dlatego<br \/>\ndo drzwi cisza dzwoni<\/p>\n<p>czeka<br \/>\njak lipa na pszczo\u0142y<br \/>\ns\u0142onecznik na wr\u00f3ble<\/p>\n<p>i zastanawia si\u0119<br \/>\npo co nadzieja na wieczno\u015b\u0107<br \/>\nskoro nawet tam<br \/>\nnie b\u0119dzie z nimi<\/p>\n<p><strong>Autoportret<\/strong><\/p>\n<p>doje\u017cd\u017cam do \u017cycia<br \/>\nna stoj\u0105co<br \/>\nbez widoku<br \/>\nbez rozk\u0142adu<\/p>\n<p>praca nie owocuje<br \/>\ndzieci dziko rosn\u0105<br \/>\nnawet ptak\u00f3w zanuci\u0107<br \/>\nnie mog\u0119<br \/>\nbo<br \/>\nodlatuj\u0105 z drut\u00f3w<\/p>\n<p>na poboczu<br \/>\npe\u0142no krwi mak\u00f3w<br \/>\nmiejscowo\u015b\u0107 ko\u0144czy si\u0119 kapust\u0105<\/p>\n<p>nawet Van Gogh by\u0142by bezradny<br \/>\nbo tu s\u0142oneczniki nie rosn\u0105<\/p>\n<p><strong>Miasteczko<\/strong><\/p>\n<p>zaw\u0119\u017ca pole widzenia<br \/>\njak zaawansowana jaskra<br \/>\nupycham je pod masyw g\u00f3ry<br \/>\nbo zawsze mnie kr\u0119puje<br \/>\njego wczorajsza \u015bwie\u017co\u015b\u0107<\/p>\n<p>jest jak sklep z u\u017cywan\u0105 odzie\u017c\u0105<br \/>\nna wag\u0119 wspomnie\u0144<\/p>\n<p>m\u0142odo\u015b\u0107 zbyt szybko<br \/>\ntraci w nim<br \/>\ntermin przydatno\u015bci do spo\u017cycia<\/p>\n<p>bezrobocie ujada g\u0142o\u015bno<br \/>\nna kr\u00f3tkim \u0142a\u0144cuchu<br \/>\nmieszka\u0144cy niczym organizm<br \/>\nw chorobie autoimmunologicznej<br \/>\natakuj\u0105 samych siebie<br \/>\ntak naprawd\u0119 to<br \/>\nz rozczuleniem patrz\u0119 na nie z g\u00f3ry<br \/>\ncierpliwie odliczam dachy<br \/>\nciesz\u0105c si\u0119, \u017ce nie wpadam w \u017cywop\u0142oty&#8230;<\/p>\n<p><strong>Puzzle<\/strong><\/p>\n<p>bociek pr\u00f3buje oswoi\u0107<br \/>\nkrzy\u017c na wie\u017cy<br \/>\njemu te\u017c ta wie\u015b<br \/>\nsi\u0119 nie uk\u0142ada<br \/>\nani \u017cab, ani kr\u00f3w<\/p>\n<p>sprzeda\u017c samochod\u00f3w prosto z \u0142\u0105ki<br \/>\npod lipami kuchnia chi\u0144ska<br \/>\nposesje w stylu kolonialnym<br \/>\nobsadzone cyprysami<br \/>\njak \u015br\u00f3dziemnomorski cmentarz<\/p>\n","protected":false},"excerpt":{"rendered":"<p>Antonina Sebesta z domu Ziarkiewicz dr nauk humanistycznych w zakresie filozofii UJ (1995), nauczyciel akademicki (UP) zajmuje si\u0119 etyk\u0105 stosowan\u0105, uprawia publicystyk\u0119 i poezj\u0119. Nale\u017ca\u0142a do Ko\u0142a M\u0142odych KKL przy ZLP w Krakowie. Arkusz \u201ePodpisa\u0107 si\u0119 na ka\u017cdej chmurze\u201d KDK &#8230; <a class=\"more-link\" href=\"https:\/\/zlp-krakow.pl\/?page_id=2122\">Read More &raquo;<\/a><\/p>\n","protected":false},"author":3,"featured_media":0,"parent":51,"menu_order":0,"comment_status":"closed","ping_status":"closed","template":"","meta":{"footnotes":""},"categories":[2],"tags":[],"class_list":["post-2122","page","type-page","status-publish","hentry","category-czlonkowie"],"_links":{"self":[{"href":"https:\/\/zlp-krakow.pl\/index.php?rest_route=\/wp\/v2\/pages\/2122","targetHints":{"allow":["GET"]}}],"collection":[{"href":"https:\/\/zlp-krakow.pl\/index.php?rest_route=\/wp\/v2\/pages"}],"about":[{"href":"https:\/\/zlp-krakow.pl\/index.php?rest_route=\/wp\/v2\/types\/page"}],"author":[{"embeddable":true,"href":"https:\/\/zlp-krakow.pl\/index.php?rest_route=\/wp\/v2\/users\/3"}],"replies":[{"embeddable":true,"href":"https:\/\/zlp-krakow.pl\/index.php?rest_route=%2Fwp%2Fv2%2Fcomments&post=2122"}],"version-history":[{"count":3,"href":"https:\/\/zlp-krakow.pl\/index.php?rest_route=\/wp\/v2\/pages\/2122\/revisions"}],"predecessor-version":[{"id":2127,"href":"https:\/\/zlp-krakow.pl\/index.php?rest_route=\/wp\/v2\/pages\/2122\/revisions\/2127"}],"up":[{"embeddable":true,"href":"https:\/\/zlp-krakow.pl\/index.php?rest_route=\/wp\/v2\/pages\/51"}],"wp:attachment":[{"href":"https:\/\/zlp-krakow.pl\/index.php?rest_route=%2Fwp%2Fv2%2Fmedia&parent=2122"}],"wp:term":[{"taxonomy":"category","embeddable":true,"href":"https:\/\/zlp-krakow.pl\/index.php?rest_route=%2Fwp%2Fv2%2Fcategories&post=2122"},{"taxonomy":"post_tag","embeddable":true,"href":"https:\/\/zlp-krakow.pl\/index.php?rest_route=%2Fwp%2Fv2%2Ftags&post=2122"}],"curies":[{"name":"wp","href":"https:\/\/api.w.org\/{rel}","templated":true}]}}