{"id":207,"date":"2015-03-06T01:22:53","date_gmt":"2015-03-06T00:22:53","guid":{"rendered":"http:\/\/zlp-krakow.org\/?page_id=207"},"modified":"2020-06-08T09:16:17","modified_gmt":"2020-06-08T07:16:17","slug":"czerniak-stanislaw","status":"publish","type":"page","link":"https:\/\/zlp-krakow.pl\/?page_id=207","title":{"rendered":"Stanis\u0142aw Czerniak"},"content":{"rendered":"<div class=\"tekstnormal\"><a href=\"https:\/\/zlp-krakow.pl\/wp-content\/uploads\/2015\/03\/CzerniakStanislaw_fot_Monika-Ko\u015bci\u00f3\u0142ek-2.jpg\"><img loading=\"lazy\" decoding=\"async\" class=\"alignnone size-medium wp-image-1877\" src=\"https:\/\/zlp-krakow.pl\/wp-content\/uploads\/2015\/03\/CzerniakStanislaw_fot_Monika-Ko\u015bci\u00f3\u0142ek-2-200x300.jpg\" alt=\"CzerniakStanislaw_fot_Monika Ko\u015bci\u00f3\u0142ek (2)\" width=\"200\" height=\"300\" srcset=\"https:\/\/zlp-krakow.pl\/wp-content\/uploads\/2015\/03\/CzerniakStanislaw_fot_Monika-Ko\u015bci\u00f3\u0142ek-2-200x300.jpg 200w, https:\/\/zlp-krakow.pl\/wp-content\/uploads\/2015\/03\/CzerniakStanislaw_fot_Monika-Ko\u015bci\u00f3\u0142ek-2-683x1024.jpg 683w, https:\/\/zlp-krakow.pl\/wp-content\/uploads\/2015\/03\/CzerniakStanislaw_fot_Monika-Ko\u015bci\u00f3\u0142ek-2-600x900.jpg 600w, https:\/\/zlp-krakow.pl\/wp-content\/uploads\/2015\/03\/CzerniakStanislaw_fot_Monika-Ko\u015bci\u00f3\u0142ek-2.jpg 1575w\" sizes=\"auto, (max-width: 200px) 100vw, 200px\" \/><\/a><\/div>\n<div class=\"tekstnormal\"><span style=\"font-size: 8pt; font-family: andale mono,monospace;\">fot: Monika Ko\u015bci\u00f3\u0142ek<\/span><\/div>\n<div class=\"tekstnormal\"><\/div>\n<p>&nbsp;<\/p>\n<div class=\"tekstnormal\"><strong>Stanis\u0142aw Czerniak<\/strong><\/div>\n<p style=\"text-align: justify;\">Historyk filozofii, poeta, krytyk literacki, t\u0142umacz, edytor, ur. 1948 w Miko\u0142owie, profesor dr hab., od wielu lat zwi\u0105zany z Instytutem Filozofii i Socjologii PAN w Warszawie, gdzie przez wiele lat kierowa\u0142\u00a0 Zespo\u0142em Badawczym Antropologii Filozoficznej i Filozofii Spo\u0142ecznej. Autor\u00a0 stu kilkudziesi\u0119ciu prac naukowych, g\u0142\u00f3wnie z zakresu antropologii filozoficznej i wsp\u00f3\u0142czesnej filozofii niemieckiej, w tym 8 monografii i kilkunastu obszernych\u00a0 edycji translatorskich. Stypendysta fundacji im. A. v. Humboldta. \u00a0Debiutowa\u0142 jako poeta w 1967 r. w katowickich \u201ePogl\u0105dach\u201d. W latach siedemdziesi\u0105tych i osiemdziesi\u0105tych publikowa\u0142 recenzje i eseje w \u201eLiteraturze na \u015awiecie\u201d, \u201ePoezji\u201d i \u201eLiteraturze\u201d. Laureat og\u00f3lnopolskiego konkursu na ksi\u0105\u017ckowy debiut poetycki w 1986 r. Nagrodzony tomik pt. \u201eSamowiedza\u201d ukaza\u0142 si\u0119 drukiem w 1990 nak\u0142adem MAW. Cz\u0142onek Zwi\u0105zku Literat\u00f3w Polskich (Oddzia\u0142 Krak\u00f3w) od 1992 r. Publikowa\u0142 wiersze w kolejnych Almanachach Krakowskiej Nocy Poet\u00f3w, a tak\u017ce w Tw\u00f3rczo\u015bci, Filo &#8211; sofiji, Hybrydzie, Wyspie.<\/p>\n<div>Wyda\u0142 siedem tom\u00f3w wierszy:<br \/>\n1. <em>Samowiedza,<\/em> Warszawa 1990.<br \/>\n2. <em>Wn\u0119trze<\/em>, Warszawa 1991.<br \/>\n3. <em>Impas,<\/em> Toru\u0144 1991.<br \/>\n4. <em>Nagie \u017be. Wyb\u00f3r wierszy<\/em> <em>z lat 1980 \u2013 2008<\/em>, Krak\u00f3w 2009.<\/div>\n<div>5.\u00a0 <em>Niagara,<\/em> Toru\u0144\u00a0 2015<\/div>\n<div>6.<em> Iskra buntu<\/em>, Toru\u0144 2017<\/div>\n<div>7. <em>Powr\u00f3t \u00a0zdarze\u0144<\/em>, Warszawa 2019<\/div>\n<div><\/div>\n<h6><\/h6>\n<div>W przygotowaniu obszerny wyb\u00f3r wierszy w j\u0119zyku niemieckim.<\/div>\n<div><\/div>\n<h6><\/h6>\n<div>Jego liryka jest przedmiotem kilku monografii:<\/div>\n<div>&#8211; <em>Antropologia podmiotu lirycznego. Wok\u00f3\u0142<\/em> \u201e<em>Nagiego \u017be\u201d Stanis\u0142awa<\/em> \u00a0<em>Czerniaka,<\/em> praca zbiorowa\u00a0 pod red. K. Derdowskiego, Toru\u0144\u00a0 2012<\/div>\n<div>&#8211; Krzysztof Derdowski, <em>Mistyka, zwierz\u0119ta i koany. Rzecz<\/em> <em>o poezji Stanis\u0142awa Czerniaka,<\/em> Toru\u0144 2015<\/div>\n<div>&#8211; Marek Pieczara, <em>Poeta sk\u0142adni \u015bwiata<\/em>. <em>O tw\u00f3rczo\u015bci S. Czerniaka<\/em> ,Toru\u0144 2016<\/div>\n<div>&#8211; Pawe\u0142 Dybel, <em>Nic poezji. O liryce filozoficznej S.<\/em> <em>Czerniaka<\/em>, Krak\u00f3w 2018<\/div>\n<div><\/div>\n<h6><\/h6>\n<div>Opr\u00f3cz w\/w autor\u00f3w o poezji tej pisali m\/in E. Basara-Lipiec, A. Biskupski, J. Drzewucki, I. S. Fiut, J. Hobot-Marcinek, W. Jaworski, J. Kornhauser, J. Krawczyk\u00a0 K. Kuczkowski, K. Lisowski,\u00a0 R. Matuszewski, R. Mielhorski,\u00a0 H. Pustkowski , M. K. Siwiec, R. Strzelecki, J. Suchanek,\u00a0 L. Szaruga, K. \u015awiegocki, J. Witan, A. Zieniewicz.<\/div>\n<p>&nbsp;<\/p>\n<p><span class=\"tekstbold\">ALBO<\/span><\/p>\n<p><span class=\"tekstwiersz\">Czas to pieni\u0105dz albo Sein<\/span><\/p>\n<p><span class=\"tekstwiersz\">Albo nie nale\u017cy do mnie,<br \/>\nlecz do Boga,<br \/>\ni to on rozstrzyga,<br \/>\nco mi si\u0119 nale\u017cy<br \/>\npo tej lub po tamtej stronie.<\/span><\/p>\n<p><span class=\"tekstwiersz\">Czy B\u00f3g wie, \u017ce jestem sam?<br \/>\nTylko albo &#8211; albo mam.<br \/>\nOno nie jest zbiorem rzeczy,<br \/>\ndomem ani cia\u0142em,<br \/>\nkt\u00f3re czeka wiernie w domu.<\/span><\/p>\n<p><span class=\"tekstwiersz\">Sztylet w serce wbi\u0107,<br \/>\nzabi\u0107 s\u0142owo, aby \u017cy\u0107,<br \/>\nzabi\u0107 Boga, \u017ceby mie\u0107<br \/>\nca\u0142\u0105 wieczno\u015b\u0107<br \/>\nna sw\u0105 \u015bmier\u0107.<\/span><\/p>\n<p><span class=\"tekstbold\">PRZED OBRAZEM<\/span><\/p>\n<p><span class=\"tekstwiersz\">Drzewo przemija.<br \/>\nPies przemija.<br \/>\nB\u00f3g przemija.<\/span><\/p>\n<p><span class=\"tekstwiersz\">Odnale\u017a\u0107 obraz, w kt\u00f3rym jest dane,<br \/>\nprze\u017cycie prawdy bezdusznej jak diament.<\/span><\/p>\n<p><span class=\"tekstwiersz\">Co powie obraz cia\u0142u na kolanach,<br \/>\nkt\u00f3re go b\u0142aga mow\u0105 dziada,<br \/>\nby nie odbija\u0142 lustra w lustrze<\/span><\/p>\n<p><span class=\"tekstbold\">R\u00d3WNOWAGA<\/span><\/p>\n<p><span class=\"tekstwiersz\">Najtrudniej jest utrzyma\u0107 r\u00f3wnowag\u0119<br \/>\npomi\u0119dzy \u015bwiatem ziemskich d\u00f3br a wolno\u015bci\u0105,<br \/>\nkt\u00f3ra nie jest z tego \u015bwiata,<br \/>\nczyli mi\u0119dzy s\u0142aw\u0105, w\u0142adz\u0105 a wolno\u015bci\u0105,<br \/>\nbogactwem a wolno\u015bci\u0105,<br \/>\nmi\u0142o\u015bci\u0105 a wolno\u015bci\u0105.<\/span><\/p>\n<p><span class=\"tekstwiersz\">S\u0142awa, w\u0142adza, w\u0142asno\u015b\u0107, mi\u0142o\u015b\u0107,<br \/>\nje\u015bli oga\u0142aca ci\u0119 z wolno\u015bci,<br \/>\ntraci boski smak,<br \/>\ncuchnie i zaczyna gni\u0107,<br \/>\na na horyzoncie pojawia si\u0119 \u015bmier\u0107,<br \/>\nkiedy wolno\u015b\u0107 postanawia wr\u00f3ci\u0107 z tob\u0105<br \/>\nna tamten \u015bwiat.<\/span><\/p>\n<p><span class=\"tekstwiersz\">Wolno\u015b\u0107 wszak\u017ce, kt\u00f3ra nie przynosi w darze<br \/>\nani odrobiny s\u0142awy, bogactw, w\u0142adzy i mi\u0142o\u015bci,<br \/>\nka\u017ce \u017cy\u0107 na niby na tym \u015bwiecie,<br \/>\ngdzie istoty \u017cywe musz\u0105 karmi\u0107 si\u0119 dobrami,<br \/>\nzw\u0142aszcza je\u015bli nie s\u0105 wolne,<br \/>\nale r\u00f3wnie\u017c wtedy, gdy czuj\u0105 si\u0119 wolne.<\/span><\/p>\n<p><span class=\"tekstbold\">POWTARZANIE<\/span><\/p>\n<p><span class=\"tekstwiersz\">\u015ani\u0142o mi si\u0119, \u017ce spotka\u0142em bezdomnego psa,<br \/>\nkt\u00f3ry zw\u0119szy\u0142 w mojej d\u0142oni kromk\u0119 chleba,<br \/>\npotem jeszcze jedn\u0105,<br \/>\npotem znowu<br \/>\n(pokarm i za ka\u017cdym razem<br \/>\ng\u0142ask),<br \/>\nwi\u0119c szed\u0142 przy mnie<br \/>\na\u017c po sam\u0105 niesko\u0144czono\u015b\u0107 horyzontu,<br \/>\nbo \u017cycie jest natr\u0119tnym<br \/>\ndotykaniem \u017cycia, dobro(to, co przypomina dobro) nie jest<br \/>\npojedynczym wydarzeniem,<br \/>\nale powtarzaniem,<br \/>\nmisj\u0105 i szale\u0144stwem<br \/>\n(podobnie jak z\u0142o).<\/span><\/p>\n<p><span class=\"tekstbold\">KONIEC PROCESU<\/span><\/p>\n<p><span class=\"tekstwiersz\">Jeszcze budzi ci\u0119<br \/>\nburza nad ranem, pilnuj\u0105 cielesno\u015bci<br \/>\nuszy, oczy,<br \/>\nwierne psy.<\/span><\/p>\n<p><span class=\"tekstwiersz\">Lecz ju\u017c zbli\u017ca si\u0119 ta noc,<br \/>\nzbyt zawi\u0142a dla psa,<br \/>\nkiedy w czaszk\u0119 albo w serce we \u015bnie<br \/>\nuderzy grom,<br \/>\n\u201e\u017ceby prze\u017cy\u0142 ci\u0119\u201d, jak m\u00f3wi Pismo,<br \/>\n\u201ewstyd.\u201d<\/span><\/p>\n","protected":false},"excerpt":{"rendered":"<p>fot: Monika Ko\u015bci\u00f3\u0142ek &nbsp; Stanis\u0142aw Czerniak Historyk filozofii, poeta, krytyk literacki, t\u0142umacz, edytor, ur. 1948 w Miko\u0142owie, profesor dr hab., od wielu lat zwi\u0105zany z Instytutem Filozofii i Socjologii PAN w Warszawie, gdzie przez wiele lat kierowa\u0142\u00a0 Zespo\u0142em Badawczym Antropologii &#8230; <a class=\"more-link\" href=\"https:\/\/zlp-krakow.pl\/?page_id=207\">Read More &raquo;<\/a><\/p>\n","protected":false},"author":1,"featured_media":0,"parent":51,"menu_order":0,"comment_status":"closed","ping_status":"closed","template":"","meta":{"footnotes":""},"categories":[2],"tags":[],"class_list":["post-207","page","type-page","status-publish","hentry","category-czlonkowie"],"_links":{"self":[{"href":"https:\/\/zlp-krakow.pl\/index.php?rest_route=\/wp\/v2\/pages\/207","targetHints":{"allow":["GET"]}}],"collection":[{"href":"https:\/\/zlp-krakow.pl\/index.php?rest_route=\/wp\/v2\/pages"}],"about":[{"href":"https:\/\/zlp-krakow.pl\/index.php?rest_route=\/wp\/v2\/types\/page"}],"author":[{"embeddable":true,"href":"https:\/\/zlp-krakow.pl\/index.php?rest_route=\/wp\/v2\/users\/1"}],"replies":[{"embeddable":true,"href":"https:\/\/zlp-krakow.pl\/index.php?rest_route=%2Fwp%2Fv2%2Fcomments&post=207"}],"version-history":[{"count":20,"href":"https:\/\/zlp-krakow.pl\/index.php?rest_route=\/wp\/v2\/pages\/207\/revisions"}],"predecessor-version":[{"id":4802,"href":"https:\/\/zlp-krakow.pl\/index.php?rest_route=\/wp\/v2\/pages\/207\/revisions\/4802"}],"up":[{"embeddable":true,"href":"https:\/\/zlp-krakow.pl\/index.php?rest_route=\/wp\/v2\/pages\/51"}],"wp:attachment":[{"href":"https:\/\/zlp-krakow.pl\/index.php?rest_route=%2Fwp%2Fv2%2Fmedia&parent=207"}],"wp:term":[{"taxonomy":"category","embeddable":true,"href":"https:\/\/zlp-krakow.pl\/index.php?rest_route=%2Fwp%2Fv2%2Fcategories&post=207"},{"taxonomy":"post_tag","embeddable":true,"href":"https:\/\/zlp-krakow.pl\/index.php?rest_route=%2Fwp%2Fv2%2Ftags&post=207"}],"curies":[{"name":"wp","href":"https:\/\/api.w.org\/{rel}","templated":true}]}}